{"id":7799,"date":"2024-05-15T12:42:47","date_gmt":"2024-05-15T16:42:47","guid":{"rendered":"https:\/\/bpa.ca\/equipe-de-direction\/genevieve-savard\/"},"modified":"2025-12-17T15:47:50","modified_gmt":"2025-12-17T20:47:50","slug":"genevieve-savard","status":"publish","type":"equipe-de-direction","link":"https:\/\/bpa.ca\/fr\/equipe-direction\/genevieve-savard\/","title":{"rendered":"Genevi\u00e8ve Savard, ing., B.Arch"},"content":{"rendered":"\t\t<div data-elementor-type=\"wp-post\" data-elementor-id=\"7799\" class=\"elementor elementor-7799 elementor-7202\" data-elementor-post-type=\"equipe-de-direction\">\n\t\t\t\t\t\t<section class=\"elementor-section elementor-top-section elementor-element elementor-element-4854b9f elementor-section-boxed elementor-section-height-default elementor-section-height-default\" data-id=\"4854b9f\" data-element_type=\"section\" data-e-type=\"section\">\n\t\t\t\t\t\t<div class=\"elementor-container elementor-column-gap-default\">\n\t\t\t\t\t<div class=\"elementor-column elementor-col-100 elementor-top-column elementor-element elementor-element-473ae1f\" data-id=\"473ae1f\" data-element_type=\"column\" data-e-type=\"column\">\n\t\t\t<div class=\"elementor-widget-wrap elementor-element-populated\">\n\t\t\t\t\t\t<div class=\"elementor-element elementor-element-0f27257 elementor-widget elementor-widget-text-editor\" data-id=\"0f27257\" data-element_type=\"widget\" data-e-type=\"widget\" data-widget_type=\"text-editor.default\">\n\t\t\t\t<div class=\"elementor-widget-container\">\n\t\t\t\t\t\t\t\t\t<h3>Vice-pr\u00e9sidente, Excellence op\u00e9rationnelle<\/h3>\t\t\t\t\t\t\t\t<\/div>\n\t\t\t\t<\/div>\n\t\t\t\t<div class=\"elementor-element elementor-element-eb208f4 elementor-widget elementor-widget-text-editor\" data-id=\"eb208f4\" data-element_type=\"widget\" data-e-type=\"widget\" data-widget_type=\"text-editor.default\">\n\t\t\t\t<div class=\"elementor-widget-container\">\n\t\t\t\t\t\t\t\t\t<p>Genevi\u00e8ve Savard, ing\u00e9nieure m\u00e9canique dipl\u00f4m\u00e9e en architecture, s\u2019est jointe \u00e0 BPA en 2009. \u00c0 titre de Vice-pr\u00e9sidente, Excellence op\u00e9rationnelle, elle supervise les d\u00e9partements BIM et D\u00e9veloppement logiciel, en plus d\u2019agir comme directrice de QualiT, une entit\u00e9 interne d\u00e9di\u00e9e \u00e0 l\u2019excellence des pratiques. Sous sa direction, QualiT \u00e9tablit des standards favorisant l\u2019harmonisation, le partage des connaissances et l\u2019am\u00e9lioration continue dans l\u2019ensemble des projets.<\/p><p>Genevi\u00e8ve est \u00e9galement responsable de l\u2019entit\u00e9 de formation interne UniversiT et du comit\u00e9 de mentorat \u00e0 l\u2019\u00e9chelle canadienne. Par ses initiatives, elle contribue activement au d\u00e9veloppement professionnel des employ\u00e9s en soutenant leur formation et leur croissance, tant sur le plan technique que technologique, tout en consolidant une culture d\u2019am\u00e9lioration continue et de valeur ajout\u00e9e au sein de la pratique de l\u2019ing\u00e9nierie.<\/p>\t\t\t\t\t\t\t\t<\/div>\n\t\t\t\t<\/div>\n\t\t\t\t\t<\/div>\n\t\t<\/div>\n\t\t\t\t\t<\/div>\n\t\t<\/section>\n\t\t\t\t<\/div>\n\t\t","protected":false},"featured_media":9682,"menu_order":26,"template":"","meta":{"_acf_changed":false,"site-sidebar-layout":"no-sidebar","site-content-layout":"page-builder","ast-site-content-layout":"full-width-container","site-content-style":"default","site-sidebar-style":"default","ast-global-header-display":"","ast-banner-title-visibility":"","ast-main-header-display":"","ast-hfb-above-header-display":"","ast-hfb-below-header-display":"","ast-hfb-mobile-header-display":"","site-post-title":"disabled","ast-breadcrumbs-content":"","ast-featured-img":"disabled","footer-sml-layout":"","ast-disable-related-posts":"","theme-transparent-header-meta":"default","adv-header-id-meta":"","stick-header-meta":"default","header-above-stick-meta":"","header-main-stick-meta":"","header-below-stick-meta":"","astra-migrate-meta-layouts":"set","ast-page-background-enabled":"default","ast-page-background-meta":{"desktop":{"background-color":"","background-image":"","background-repeat":"repeat","background-position":"center center","background-size":"auto","background-attachment":"scroll","background-type":"","background-media":"","overlay-type":"","overlay-color":"","overlay-opacity":"","overlay-gradient":""},"tablet":{"background-color":"","background-image":"","background-repeat":"repeat","background-position":"center center","background-size":"auto","background-attachment":"scroll","background-type":"","background-media":"","overlay-type":"","overlay-color":"","overlay-opacity":"","overlay-gradient":""},"mobile":{"background-color":"","background-image":"","background-repeat":"repeat","background-position":"center center","background-size":"auto","background-attachment":"scroll","background-type":"","background-media":"","overlay-type":"","overlay-color":"","overlay-opacity":"","overlay-gradient":""}},"ast-content-background-meta":{"desktop":{"background-color":"var(--ast-global-color-5)","background-image":"","background-repeat":"repeat","background-position":"center center","background-size":"auto","background-attachment":"scroll","background-type":"","background-media":"","overlay-type":"","overlay-color":"","overlay-opacity":"","overlay-gradient":""},"tablet":{"background-color":"var(--ast-global-color-5)","background-image":"","background-repeat":"repeat","background-position":"center center","background-size":"auto","background-attachment":"scroll","background-type":"","background-media":"","overlay-type":"","overlay-color":"","overlay-opacity":"","overlay-gradient":""},"mobile":{"background-color":"var(--ast-global-color-5)","background-image":"","background-repeat":"repeat","background-position":"center center","background-size":"auto","background-attachment":"scroll","background-type":"","background-media":"","overlay-type":"","overlay-color":"","overlay-opacity":"","overlay-gradient":""}}},"departement":[103],"class_list":["post-7799","equipe-de-direction","type-equipe-de-direction","status-publish","has-post-thumbnail","hentry","departement-comite-de-direction-fr"],"acf":[],"yoast_head":"<!-- This site is optimized with the Yoast SEO plugin v27.4 - https:\/\/yoast.com\/product\/yoast-seo-wordpress\/ -->\n<title>Genevi\u00e8ve Savard, ing., B.Arch, Vice-pr\u00e9sidente, Excellence op\u00e9rationnelle | BPA<\/title>\n<meta name=\"robots\" content=\"index, follow, max-snippet:-1, max-image-preview:large, max-video-preview:-1\" \/>\n<link rel=\"canonical\" href=\"https:\/\/bpa.ca\/fr\/equipe-direction\/genevieve-savard\/\" \/>\n<meta property=\"og:locale\" content=\"fr_FR\" \/>\n<meta property=\"og:type\" content=\"article\" \/>\n<meta property=\"og:title\" content=\"Genevi\u00e8ve Savard, ing., B.Arch, Vice-pr\u00e9sidente, Excellence op\u00e9rationnelle | BPA\" \/>\n<meta property=\"og:description\" content=\"Vice-pr\u00e9sidente, Excellence op\u00e9rationnelle Genevi\u00e8ve Savard, ing\u00e9nieure m\u00e9canique dipl\u00f4m\u00e9e en architecture, s\u2019est jointe \u00e0 BPA en 2009. \u00c0 titre de Vice-pr\u00e9sidente, Excellence op\u00e9rationnelle, elle supervise les d\u00e9partements BIM et D\u00e9veloppement logiciel, en plus d\u2019agir comme directrice de QualiT, une entit\u00e9 interne d\u00e9di\u00e9e \u00e0 l\u2019excellence des pratiques. Sous sa direction, QualiT \u00e9tablit des standards favorisant l\u2019harmonisation, le [&hellip;]\" \/>\n<meta property=\"og:url\" content=\"https:\/\/bpa.ca\/fr\/equipe-direction\/genevieve-savard\/\" \/>\n<meta property=\"og:site_name\" content=\"BPA\" \/>\n<meta property=\"article:modified_time\" content=\"2025-12-17T20:47:50+00:00\" \/>\n<meta property=\"og:image\" content=\"https:\/\/bpa.ca\/wp-content\/uploads\/2024\/05\/Savard-Genevieve.jpg\" \/>\n\t<meta property=\"og:image:width\" content=\"360\" \/>\n\t<meta property=\"og:image:height\" content=\"540\" \/>\n\t<meta property=\"og:image:type\" content=\"image\/jpeg\" \/>\n<meta name=\"twitter:card\" content=\"summary_large_image\" \/>\n<script type=\"application\/ld+json\" class=\"yoast-schema-graph\">{\"@context\":\"https:\\\/\\\/schema.org\",\"@graph\":[{\"@type\":\"WebPage\",\"@id\":\"https:\\\/\\\/bpa.ca\\\/fr\\\/equipe-direction\\\/genevieve-savard\\\/\",\"url\":\"https:\\\/\\\/bpa.ca\\\/fr\\\/equipe-direction\\\/genevieve-savard\\\/\",\"name\":\"Genevi\u00e8ve Savard, ing., B.Arch, Vice-pr\u00e9sidente, Excellence op\u00e9rationnelle | BPA\",\"isPartOf\":{\"@id\":\"https:\\\/\\\/bpa.ca\\\/fr\\\/#website\"},\"primaryImageOfPage\":{\"@id\":\"https:\\\/\\\/bpa.ca\\\/fr\\\/equipe-direction\\\/genevieve-savard\\\/#primaryimage\"},\"image\":{\"@id\":\"https:\\\/\\\/bpa.ca\\\/fr\\\/equipe-direction\\\/genevieve-savard\\\/#primaryimage\"},\"thumbnailUrl\":\"https:\\\/\\\/bpa.ca\\\/wp-content\\\/uploads\\\/2024\\\/05\\\/Savard-Genevieve.jpg\",\"datePublished\":\"2024-05-15T16:42:47+00:00\",\"dateModified\":\"2025-12-17T20:47:50+00:00\",\"breadcrumb\":{\"@id\":\"https:\\\/\\\/bpa.ca\\\/fr\\\/equipe-direction\\\/genevieve-savard\\\/#breadcrumb\"},\"inLanguage\":\"fr-FR\",\"potentialAction\":[{\"@type\":\"ReadAction\",\"target\":[\"https:\\\/\\\/bpa.ca\\\/fr\\\/equipe-direction\\\/genevieve-savard\\\/\"]}]},{\"@type\":\"ImageObject\",\"inLanguage\":\"fr-FR\",\"@id\":\"https:\\\/\\\/bpa.ca\\\/fr\\\/equipe-direction\\\/genevieve-savard\\\/#primaryimage\",\"url\":\"https:\\\/\\\/bpa.ca\\\/wp-content\\\/uploads\\\/2024\\\/05\\\/Savard-Genevieve.jpg\",\"contentUrl\":\"https:\\\/\\\/bpa.ca\\\/wp-content\\\/uploads\\\/2024\\\/05\\\/Savard-Genevieve.jpg\",\"width\":360,\"height\":540},{\"@type\":\"BreadcrumbList\",\"@id\":\"https:\\\/\\\/bpa.ca\\\/fr\\\/equipe-direction\\\/genevieve-savard\\\/#breadcrumb\",\"itemListElement\":[{\"@type\":\"ListItem\",\"position\":1,\"name\":\"Home\",\"item\":\"https:\\\/\\\/bpa.ca\\\/fr\\\/\"},{\"@type\":\"ListItem\",\"position\":2,\"name\":\"\u00c9quipe de directions\",\"item\":\"https:\\\/\\\/bpa.ca\\\/fr\\\/equipe-direction\\\/\"},{\"@type\":\"ListItem\",\"position\":3,\"name\":\"Genevi\u00e8ve Savard, ing., B.Arch\"}]},{\"@type\":\"WebSite\",\"@id\":\"https:\\\/\\\/bpa.ca\\\/fr\\\/#website\",\"url\":\"https:\\\/\\\/bpa.ca\\\/fr\\\/\",\"name\":\"BPA\",\"description\":\"\",\"publisher\":{\"@id\":\"https:\\\/\\\/bpa.ca\\\/fr\\\/#organization\"},\"potentialAction\":[{\"@type\":\"SearchAction\",\"target\":{\"@type\":\"EntryPoint\",\"urlTemplate\":\"https:\\\/\\\/bpa.ca\\\/fr\\\/?s={search_term_string}\"},\"query-input\":{\"@type\":\"PropertyValueSpecification\",\"valueRequired\":true,\"valueName\":\"search_term_string\"}}],\"inLanguage\":\"fr-FR\"},{\"@type\":\"Organization\",\"@id\":\"https:\\\/\\\/bpa.ca\\\/fr\\\/#organization\",\"name\":\"BPA\",\"url\":\"https:\\\/\\\/bpa.ca\\\/fr\\\/\",\"logo\":{\"@type\":\"ImageObject\",\"inLanguage\":\"fr-FR\",\"@id\":\"https:\\\/\\\/bpa.ca\\\/fr\\\/#\\\/schema\\\/logo\\\/image\\\/\",\"url\":\"https:\\\/\\\/bpa.ca\\\/wp-content\\\/uploads\\\/2026\\\/01\\\/BPA_Logo-70_avec_sloganFR_couleur_RGB.svg\",\"contentUrl\":\"https:\\\/\\\/bpa.ca\\\/wp-content\\\/uploads\\\/2026\\\/01\\\/BPA_Logo-70_avec_sloganFR_couleur_RGB.svg\",\"caption\":\"BPA\"},\"image\":{\"@id\":\"https:\\\/\\\/bpa.ca\\\/fr\\\/#\\\/schema\\\/logo\\\/image\\\/\"}}]}<\/script>\n<!-- \/ Yoast SEO plugin. -->","yoast_head_json":{"title":"Genevi\u00e8ve Savard, ing., B.Arch, Vice-pr\u00e9sidente, Excellence op\u00e9rationnelle | BPA","robots":{"index":"index","follow":"follow","max-snippet":"max-snippet:-1","max-image-preview":"max-image-preview:large","max-video-preview":"max-video-preview:-1"},"canonical":"https:\/\/bpa.ca\/fr\/equipe-direction\/genevieve-savard\/","og_locale":"fr_FR","og_type":"article","og_title":"Genevi\u00e8ve Savard, ing., B.Arch, Vice-pr\u00e9sidente, Excellence op\u00e9rationnelle | BPA","og_description":"Vice-pr\u00e9sidente, Excellence op\u00e9rationnelle Genevi\u00e8ve Savard, ing\u00e9nieure m\u00e9canique dipl\u00f4m\u00e9e en architecture, s\u2019est jointe \u00e0 BPA en 2009. \u00c0 titre de Vice-pr\u00e9sidente, Excellence op\u00e9rationnelle, elle supervise les d\u00e9partements BIM et D\u00e9veloppement logiciel, en plus d\u2019agir comme directrice de QualiT, une entit\u00e9 interne d\u00e9di\u00e9e \u00e0 l\u2019excellence des pratiques. Sous sa direction, QualiT \u00e9tablit des standards favorisant l\u2019harmonisation, le [&hellip;]","og_url":"https:\/\/bpa.ca\/fr\/equipe-direction\/genevieve-savard\/","og_site_name":"BPA","article_modified_time":"2025-12-17T20:47:50+00:00","og_image":[{"width":360,"height":540,"url":"https:\/\/bpa.ca\/wp-content\/uploads\/2024\/05\/Savard-Genevieve.jpg","type":"image\/jpeg"}],"twitter_card":"summary_large_image","schema":{"@context":"https:\/\/schema.org","@graph":[{"@type":"WebPage","@id":"https:\/\/bpa.ca\/fr\/equipe-direction\/genevieve-savard\/","url":"https:\/\/bpa.ca\/fr\/equipe-direction\/genevieve-savard\/","name":"Genevi\u00e8ve Savard, ing., B.Arch, Vice-pr\u00e9sidente, Excellence op\u00e9rationnelle | BPA","isPartOf":{"@id":"https:\/\/bpa.ca\/fr\/#website"},"primaryImageOfPage":{"@id":"https:\/\/bpa.ca\/fr\/equipe-direction\/genevieve-savard\/#primaryimage"},"image":{"@id":"https:\/\/bpa.ca\/fr\/equipe-direction\/genevieve-savard\/#primaryimage"},"thumbnailUrl":"https:\/\/bpa.ca\/wp-content\/uploads\/2024\/05\/Savard-Genevieve.jpg","datePublished":"2024-05-15T16:42:47+00:00","dateModified":"2025-12-17T20:47:50+00:00","breadcrumb":{"@id":"https:\/\/bpa.ca\/fr\/equipe-direction\/genevieve-savard\/#breadcrumb"},"inLanguage":"fr-FR","potentialAction":[{"@type":"ReadAction","target":["https:\/\/bpa.ca\/fr\/equipe-direction\/genevieve-savard\/"]}]},{"@type":"ImageObject","inLanguage":"fr-FR","@id":"https:\/\/bpa.ca\/fr\/equipe-direction\/genevieve-savard\/#primaryimage","url":"https:\/\/bpa.ca\/wp-content\/uploads\/2024\/05\/Savard-Genevieve.jpg","contentUrl":"https:\/\/bpa.ca\/wp-content\/uploads\/2024\/05\/Savard-Genevieve.jpg","width":360,"height":540},{"@type":"BreadcrumbList","@id":"https:\/\/bpa.ca\/fr\/equipe-direction\/genevieve-savard\/#breadcrumb","itemListElement":[{"@type":"ListItem","position":1,"name":"Home","item":"https:\/\/bpa.ca\/fr\/"},{"@type":"ListItem","position":2,"name":"\u00c9quipe de directions","item":"https:\/\/bpa.ca\/fr\/equipe-direction\/"},{"@type":"ListItem","position":3,"name":"Genevi\u00e8ve Savard, ing., B.Arch"}]},{"@type":"WebSite","@id":"https:\/\/bpa.ca\/fr\/#website","url":"https:\/\/bpa.ca\/fr\/","name":"BPA","description":"","publisher":{"@id":"https:\/\/bpa.ca\/fr\/#organization"},"potentialAction":[{"@type":"SearchAction","target":{"@type":"EntryPoint","urlTemplate":"https:\/\/bpa.ca\/fr\/?s={search_term_string}"},"query-input":{"@type":"PropertyValueSpecification","valueRequired":true,"valueName":"search_term_string"}}],"inLanguage":"fr-FR"},{"@type":"Organization","@id":"https:\/\/bpa.ca\/fr\/#organization","name":"BPA","url":"https:\/\/bpa.ca\/fr\/","logo":{"@type":"ImageObject","inLanguage":"fr-FR","@id":"https:\/\/bpa.ca\/fr\/#\/schema\/logo\/image\/","url":"https:\/\/bpa.ca\/wp-content\/uploads\/2026\/01\/BPA_Logo-70_avec_sloganFR_couleur_RGB.svg","contentUrl":"https:\/\/bpa.ca\/wp-content\/uploads\/2026\/01\/BPA_Logo-70_avec_sloganFR_couleur_RGB.svg","caption":"BPA"},"image":{"@id":"https:\/\/bpa.ca\/fr\/#\/schema\/logo\/image\/"}}]}},"_links":{"self":[{"href":"https:\/\/bpa.ca\/fr\/wp-json\/wp\/v2\/equipe-de-direction\/7799","targetHints":{"allow":["GET"]}}],"collection":[{"href":"https:\/\/bpa.ca\/fr\/wp-json\/wp\/v2\/equipe-de-direction"}],"about":[{"href":"https:\/\/bpa.ca\/fr\/wp-json\/wp\/v2\/types\/equipe-de-direction"}],"version-history":[{"count":0,"href":"https:\/\/bpa.ca\/fr\/wp-json\/wp\/v2\/equipe-de-direction\/7799\/revisions"}],"wp:featuredmedia":[{"embeddable":true,"href":"https:\/\/bpa.ca\/fr\/wp-json\/wp\/v2\/media\/9682"}],"wp:attachment":[{"href":"https:\/\/bpa.ca\/fr\/wp-json\/wp\/v2\/media?parent=7799"}],"wp:term":[{"taxonomy":"departement","embeddable":true,"href":"https:\/\/bpa.ca\/fr\/wp-json\/wp\/v2\/departement?post=7799"}],"curies":[{"name":"wp","href":"https:\/\/api.w.org\/{rel}","templated":true}]}}