{"id":7798,"date":"2024-05-08T12:43:07","date_gmt":"2024-05-08T16:43:07","guid":{"rendered":"https:\/\/bpa.ca\/equipe-de-direction\/isabelle-desrosiers\/"},"modified":"2024-08-08T19:50:32","modified_gmt":"2024-08-08T23:50:32","slug":"isabelle-desrosiers","status":"publish","type":"equipe-de-direction","link":"https:\/\/bpa.ca\/fr\/equipe-direction\/isabelle-desrosiers\/","title":{"rendered":"Isabelle Desrosiers, CRHA"},"content":{"rendered":"\t\t<div data-elementor-type=\"wp-post\" data-elementor-id=\"7798\" class=\"elementor elementor-7798 elementor-7203\" data-elementor-post-type=\"equipe-de-direction\">\n\t\t\t\t\t\t<section class=\"elementor-section elementor-top-section elementor-element elementor-element-6f1ae49 elementor-section-boxed elementor-section-height-default elementor-section-height-default\" data-id=\"6f1ae49\" data-element_type=\"section\" data-e-type=\"section\">\n\t\t\t\t\t\t<div class=\"elementor-container elementor-column-gap-default\">\n\t\t\t\t\t<div class=\"elementor-column elementor-col-100 elementor-top-column elementor-element elementor-element-5ebe303\" data-id=\"5ebe303\" data-element_type=\"column\" data-e-type=\"column\">\n\t\t\t<div class=\"elementor-widget-wrap elementor-element-populated\">\n\t\t\t\t\t\t<div class=\"elementor-element elementor-element-dc4de1d elementor-widget elementor-widget-text-editor\" data-id=\"dc4de1d\" data-element_type=\"widget\" data-e-type=\"widget\" data-widget_type=\"text-editor.default\">\n\t\t\t\t<div class=\"elementor-widget-container\">\n\t\t\t\t\t\t\t\t\t<h3>Vice-pr\u00e9sidente, Talent et Culture<\/h3>\t\t\t\t\t\t\t\t<\/div>\n\t\t\t\t<\/div>\n\t\t\t\t<div class=\"elementor-element elementor-element-58571fb elementor-widget elementor-widget-text-editor\" data-id=\"58571fb\" data-element_type=\"widget\" data-e-type=\"widget\" data-widget_type=\"text-editor.default\">\n\t\t\t\t<div class=\"elementor-widget-container\">\n\t\t\t\t\t\t\t\t\t<p>Isabelle Desrosiers, CRHA, occupe le poste de Vice-pr\u00e9sidente, Talent et Culture, et b\u00e9n\u00e9ficie de plus de 20 ans d&#8217;exp\u00e9rience dans le domaine des ressources humaines. Avec une compr\u00e9hension approfondie des environnements d&#8217;entreprise complexes et en constante \u00e9volution, elle aborde les d\u00e9fis avec des solutions \u00e0 la fois pragmatiques et novatrices.<\/p><p>Son approche consiste \u00e0 aligner les strat\u00e9gies et les pratiques des ressources humaines sur les objectifs organisationnels, tout en mettant un fort accent sur les relations interpersonnelles, le d\u00e9veloppement des talents et la gestion efficace du changement.<\/p>\t\t\t\t\t\t\t\t<\/div>\n\t\t\t\t<\/div>\n\t\t\t\t\t<\/div>\n\t\t<\/div>\n\t\t\t\t\t<\/div>\n\t\t<\/section>\n\t\t\t\t<\/div>\n\t\t","protected":false},"featured_media":9685,"menu_order":11,"template":"","meta":{"_acf_changed":false,"site-sidebar-layout":"no-sidebar","site-content-layout":"page-builder","ast-site-content-layout":"full-width-container","site-content-style":"default","site-sidebar-style":"default","ast-global-header-display":"","ast-banner-title-visibility":"","ast-main-header-display":"","ast-hfb-above-header-display":"","ast-hfb-below-header-display":"","ast-hfb-mobile-header-display":"","site-post-title":"disabled","ast-breadcrumbs-content":"","ast-featured-img":"disabled","footer-sml-layout":"","ast-disable-related-posts":"","theme-transparent-header-meta":"default","adv-header-id-meta":"","stick-header-meta":"default","header-above-stick-meta":"","header-main-stick-meta":"","header-below-stick-meta":"","astra-migrate-meta-layouts":"set","ast-page-background-enabled":"default","ast-page-background-meta":{"desktop":{"background-color":"","background-image":"","background-repeat":"repeat","background-position":"center center","background-size":"auto","background-attachment":"scroll","background-type":"","background-media":"","overlay-type":"","overlay-color":"","overlay-opacity":"","overlay-gradient":""},"tablet":{"background-color":"","background-image":"","background-repeat":"repeat","background-position":"center center","background-size":"auto","background-attachment":"scroll","background-type":"","background-media":"","overlay-type":"","overlay-color":"","overlay-opacity":"","overlay-gradient":""},"mobile":{"background-color":"","background-image":"","background-repeat":"repeat","background-position":"center center","background-size":"auto","background-attachment":"scroll","background-type":"","background-media":"","overlay-type":"","overlay-color":"","overlay-opacity":"","overlay-gradient":""}},"ast-content-background-meta":{"desktop":{"background-color":"var(--ast-global-color-5)","background-image":"","background-repeat":"repeat","background-position":"center center","background-size":"auto","background-attachment":"scroll","background-type":"","background-media":"","overlay-type":"","overlay-color":"","overlay-opacity":"","overlay-gradient":""},"tablet":{"background-color":"var(--ast-global-color-5)","background-image":"","background-repeat":"repeat","background-position":"center center","background-size":"auto","background-attachment":"scroll","background-type":"","background-media":"","overlay-type":"","overlay-color":"","overlay-opacity":"","overlay-gradient":""},"mobile":{"background-color":"var(--ast-global-color-5)","background-image":"","background-repeat":"repeat","background-position":"center center","background-size":"auto","background-attachment":"scroll","background-type":"","background-media":"","overlay-type":"","overlay-color":"","overlay-opacity":"","overlay-gradient":""}}},"departement":[103],"class_list":["post-7798","equipe-de-direction","type-equipe-de-direction","status-publish","has-post-thumbnail","hentry","departement-comite-de-direction-fr"],"acf":[],"yoast_head":"<!-- This site is optimized with the Yoast SEO plugin v27.5 - https:\/\/yoast.com\/product\/yoast-seo-wordpress\/ -->\n<title>Isabelle Desrosier, CRHA, Vice-Pr\u00e9sidente, Talent et Culture | BPA<\/title>\n<meta name=\"robots\" content=\"index, follow, max-snippet:-1, max-image-preview:large, max-video-preview:-1\" \/>\n<link rel=\"canonical\" href=\"https:\/\/bpa.ca\/fr\/equipe-direction\/isabelle-desrosiers\/\" \/>\n<meta property=\"og:locale\" content=\"fr_FR\" \/>\n<meta property=\"og:type\" content=\"article\" \/>\n<meta property=\"og:title\" content=\"Isabelle Desrosier, CRHA, Vice-Pr\u00e9sidente, Talent et Culture | BPA\" \/>\n<meta property=\"og:description\" content=\"Vice-pr\u00e9sidente, Talent et Culture Isabelle Desrosiers, CRHA, occupe le poste de Vice-pr\u00e9sidente, Talent et Culture, et b\u00e9n\u00e9ficie de plus de 20 ans d&#8217;exp\u00e9rience dans le domaine des ressources humaines. Avec une compr\u00e9hension approfondie des environnements d&#8217;entreprise complexes et en constante \u00e9volution, elle aborde les d\u00e9fis avec des solutions \u00e0 la fois pragmatiques et novatrices. Son [&hellip;]\" \/>\n<meta property=\"og:url\" content=\"https:\/\/bpa.ca\/fr\/equipe-direction\/isabelle-desrosiers\/\" \/>\n<meta property=\"og:site_name\" content=\"BPA\" \/>\n<meta property=\"article:modified_time\" content=\"2024-08-08T23:50:32+00:00\" \/>\n<meta property=\"og:image\" content=\"https:\/\/bpa.ca\/wp-content\/uploads\/2024\/05\/DesrosiersIsabelle.jpg\" \/>\n\t<meta property=\"og:image:width\" content=\"360\" \/>\n\t<meta property=\"og:image:height\" content=\"540\" \/>\n\t<meta property=\"og:image:type\" content=\"image\/jpeg\" \/>\n<meta name=\"twitter:card\" content=\"summary_large_image\" \/>\n<script type=\"application\/ld+json\" class=\"yoast-schema-graph\">{\"@context\":\"https:\\\/\\\/schema.org\",\"@graph\":[{\"@type\":\"WebPage\",\"@id\":\"https:\\\/\\\/bpa.ca\\\/fr\\\/equipe-direction\\\/isabelle-desrosiers\\\/\",\"url\":\"https:\\\/\\\/bpa.ca\\\/fr\\\/equipe-direction\\\/isabelle-desrosiers\\\/\",\"name\":\"Isabelle Desrosier, CRHA, Vice-Pr\u00e9sidente, Talent et Culture | BPA\",\"isPartOf\":{\"@id\":\"https:\\\/\\\/bpa.ca\\\/fr\\\/#website\"},\"primaryImageOfPage\":{\"@id\":\"https:\\\/\\\/bpa.ca\\\/fr\\\/equipe-direction\\\/isabelle-desrosiers\\\/#primaryimage\"},\"image\":{\"@id\":\"https:\\\/\\\/bpa.ca\\\/fr\\\/equipe-direction\\\/isabelle-desrosiers\\\/#primaryimage\"},\"thumbnailUrl\":\"https:\\\/\\\/bpa.ca\\\/wp-content\\\/uploads\\\/2024\\\/05\\\/DesrosiersIsabelle.jpg\",\"datePublished\":\"2024-05-08T16:43:07+00:00\",\"dateModified\":\"2024-08-08T23:50:32+00:00\",\"breadcrumb\":{\"@id\":\"https:\\\/\\\/bpa.ca\\\/fr\\\/equipe-direction\\\/isabelle-desrosiers\\\/#breadcrumb\"},\"inLanguage\":\"fr-FR\",\"potentialAction\":[{\"@type\":\"ReadAction\",\"target\":[\"https:\\\/\\\/bpa.ca\\\/fr\\\/equipe-direction\\\/isabelle-desrosiers\\\/\"]}]},{\"@type\":\"ImageObject\",\"inLanguage\":\"fr-FR\",\"@id\":\"https:\\\/\\\/bpa.ca\\\/fr\\\/equipe-direction\\\/isabelle-desrosiers\\\/#primaryimage\",\"url\":\"https:\\\/\\\/bpa.ca\\\/wp-content\\\/uploads\\\/2024\\\/05\\\/DesrosiersIsabelle.jpg\",\"contentUrl\":\"https:\\\/\\\/bpa.ca\\\/wp-content\\\/uploads\\\/2024\\\/05\\\/DesrosiersIsabelle.jpg\",\"width\":360,\"height\":540},{\"@type\":\"BreadcrumbList\",\"@id\":\"https:\\\/\\\/bpa.ca\\\/fr\\\/equipe-direction\\\/isabelle-desrosiers\\\/#breadcrumb\",\"itemListElement\":[{\"@type\":\"ListItem\",\"position\":1,\"name\":\"Home\",\"item\":\"https:\\\/\\\/bpa.ca\\\/fr\\\/\"},{\"@type\":\"ListItem\",\"position\":2,\"name\":\"\u00c9quipe de directions\",\"item\":\"https:\\\/\\\/bpa.ca\\\/fr\\\/equipe-direction\\\/\"},{\"@type\":\"ListItem\",\"position\":3,\"name\":\"Isabelle Desrosiers, CRHA\"}]},{\"@type\":\"WebSite\",\"@id\":\"https:\\\/\\\/bpa.ca\\\/fr\\\/#website\",\"url\":\"https:\\\/\\\/bpa.ca\\\/fr\\\/\",\"name\":\"BPA\",\"description\":\"\",\"publisher\":{\"@id\":\"https:\\\/\\\/bpa.ca\\\/fr\\\/#organization\"},\"potentialAction\":[{\"@type\":\"SearchAction\",\"target\":{\"@type\":\"EntryPoint\",\"urlTemplate\":\"https:\\\/\\\/bpa.ca\\\/fr\\\/?s={search_term_string}\"},\"query-input\":{\"@type\":\"PropertyValueSpecification\",\"valueRequired\":true,\"valueName\":\"search_term_string\"}}],\"inLanguage\":\"fr-FR\"},{\"@type\":\"Organization\",\"@id\":\"https:\\\/\\\/bpa.ca\\\/fr\\\/#organization\",\"name\":\"BPA\",\"url\":\"https:\\\/\\\/bpa.ca\\\/fr\\\/\",\"logo\":{\"@type\":\"ImageObject\",\"inLanguage\":\"fr-FR\",\"@id\":\"https:\\\/\\\/bpa.ca\\\/fr\\\/#\\\/schema\\\/logo\\\/image\\\/\",\"url\":\"https:\\\/\\\/bpa.ca\\\/wp-content\\\/uploads\\\/2026\\\/01\\\/BPA_Logo-70_avec_sloganFR_couleur_RGB.svg\",\"contentUrl\":\"https:\\\/\\\/bpa.ca\\\/wp-content\\\/uploads\\\/2026\\\/01\\\/BPA_Logo-70_avec_sloganFR_couleur_RGB.svg\",\"caption\":\"BPA\"},\"image\":{\"@id\":\"https:\\\/\\\/bpa.ca\\\/fr\\\/#\\\/schema\\\/logo\\\/image\\\/\"}}]}<\/script>\n<!-- \/ Yoast SEO plugin. -->","yoast_head_json":{"title":"Isabelle Desrosier, CRHA, Vice-Pr\u00e9sidente, Talent et Culture | BPA","robots":{"index":"index","follow":"follow","max-snippet":"max-snippet:-1","max-image-preview":"max-image-preview:large","max-video-preview":"max-video-preview:-1"},"canonical":"https:\/\/bpa.ca\/fr\/equipe-direction\/isabelle-desrosiers\/","og_locale":"fr_FR","og_type":"article","og_title":"Isabelle Desrosier, CRHA, Vice-Pr\u00e9sidente, Talent et Culture | BPA","og_description":"Vice-pr\u00e9sidente, Talent et Culture Isabelle Desrosiers, CRHA, occupe le poste de Vice-pr\u00e9sidente, Talent et Culture, et b\u00e9n\u00e9ficie de plus de 20 ans d&#8217;exp\u00e9rience dans le domaine des ressources humaines. Avec une compr\u00e9hension approfondie des environnements d&#8217;entreprise complexes et en constante \u00e9volution, elle aborde les d\u00e9fis avec des solutions \u00e0 la fois pragmatiques et novatrices. Son [&hellip;]","og_url":"https:\/\/bpa.ca\/fr\/equipe-direction\/isabelle-desrosiers\/","og_site_name":"BPA","article_modified_time":"2024-08-08T23:50:32+00:00","og_image":[{"width":360,"height":540,"url":"https:\/\/bpa.ca\/wp-content\/uploads\/2024\/05\/DesrosiersIsabelle.jpg","type":"image\/jpeg"}],"twitter_card":"summary_large_image","schema":{"@context":"https:\/\/schema.org","@graph":[{"@type":"WebPage","@id":"https:\/\/bpa.ca\/fr\/equipe-direction\/isabelle-desrosiers\/","url":"https:\/\/bpa.ca\/fr\/equipe-direction\/isabelle-desrosiers\/","name":"Isabelle Desrosier, CRHA, Vice-Pr\u00e9sidente, Talent et Culture | BPA","isPartOf":{"@id":"https:\/\/bpa.ca\/fr\/#website"},"primaryImageOfPage":{"@id":"https:\/\/bpa.ca\/fr\/equipe-direction\/isabelle-desrosiers\/#primaryimage"},"image":{"@id":"https:\/\/bpa.ca\/fr\/equipe-direction\/isabelle-desrosiers\/#primaryimage"},"thumbnailUrl":"https:\/\/bpa.ca\/wp-content\/uploads\/2024\/05\/DesrosiersIsabelle.jpg","datePublished":"2024-05-08T16:43:07+00:00","dateModified":"2024-08-08T23:50:32+00:00","breadcrumb":{"@id":"https:\/\/bpa.ca\/fr\/equipe-direction\/isabelle-desrosiers\/#breadcrumb"},"inLanguage":"fr-FR","potentialAction":[{"@type":"ReadAction","target":["https:\/\/bpa.ca\/fr\/equipe-direction\/isabelle-desrosiers\/"]}]},{"@type":"ImageObject","inLanguage":"fr-FR","@id":"https:\/\/bpa.ca\/fr\/equipe-direction\/isabelle-desrosiers\/#primaryimage","url":"https:\/\/bpa.ca\/wp-content\/uploads\/2024\/05\/DesrosiersIsabelle.jpg","contentUrl":"https:\/\/bpa.ca\/wp-content\/uploads\/2024\/05\/DesrosiersIsabelle.jpg","width":360,"height":540},{"@type":"BreadcrumbList","@id":"https:\/\/bpa.ca\/fr\/equipe-direction\/isabelle-desrosiers\/#breadcrumb","itemListElement":[{"@type":"ListItem","position":1,"name":"Home","item":"https:\/\/bpa.ca\/fr\/"},{"@type":"ListItem","position":2,"name":"\u00c9quipe de directions","item":"https:\/\/bpa.ca\/fr\/equipe-direction\/"},{"@type":"ListItem","position":3,"name":"Isabelle Desrosiers, CRHA"}]},{"@type":"WebSite","@id":"https:\/\/bpa.ca\/fr\/#website","url":"https:\/\/bpa.ca\/fr\/","name":"BPA","description":"","publisher":{"@id":"https:\/\/bpa.ca\/fr\/#organization"},"potentialAction":[{"@type":"SearchAction","target":{"@type":"EntryPoint","urlTemplate":"https:\/\/bpa.ca\/fr\/?s={search_term_string}"},"query-input":{"@type":"PropertyValueSpecification","valueRequired":true,"valueName":"search_term_string"}}],"inLanguage":"fr-FR"},{"@type":"Organization","@id":"https:\/\/bpa.ca\/fr\/#organization","name":"BPA","url":"https:\/\/bpa.ca\/fr\/","logo":{"@type":"ImageObject","inLanguage":"fr-FR","@id":"https:\/\/bpa.ca\/fr\/#\/schema\/logo\/image\/","url":"https:\/\/bpa.ca\/wp-content\/uploads\/2026\/01\/BPA_Logo-70_avec_sloganFR_couleur_RGB.svg","contentUrl":"https:\/\/bpa.ca\/wp-content\/uploads\/2026\/01\/BPA_Logo-70_avec_sloganFR_couleur_RGB.svg","caption":"BPA"},"image":{"@id":"https:\/\/bpa.ca\/fr\/#\/schema\/logo\/image\/"}}]}},"_links":{"self":[{"href":"https:\/\/bpa.ca\/fr\/wp-json\/wp\/v2\/equipe-de-direction\/7798","targetHints":{"allow":["GET"]}}],"collection":[{"href":"https:\/\/bpa.ca\/fr\/wp-json\/wp\/v2\/equipe-de-direction"}],"about":[{"href":"https:\/\/bpa.ca\/fr\/wp-json\/wp\/v2\/types\/equipe-de-direction"}],"version-history":[{"count":0,"href":"https:\/\/bpa.ca\/fr\/wp-json\/wp\/v2\/equipe-de-direction\/7798\/revisions"}],"wp:featuredmedia":[{"embeddable":true,"href":"https:\/\/bpa.ca\/fr\/wp-json\/wp\/v2\/media\/9685"}],"wp:attachment":[{"href":"https:\/\/bpa.ca\/fr\/wp-json\/wp\/v2\/media?parent=7798"}],"wp:term":[{"taxonomy":"departement","embeddable":true,"href":"https:\/\/bpa.ca\/fr\/wp-json\/wp\/v2\/departement?post=7798"}],"curies":[{"name":"wp","href":"https:\/\/api.w.org\/{rel}","templated":true}]}}