{"id":10501,"date":"2024-12-13T11:45:38","date_gmt":"2024-12-13T16:45:38","guid":{"rendered":"https:\/\/bpa.ca\/?post_type=equipe-de-direction&#038;p=10501"},"modified":"2026-01-05T14:21:00","modified_gmt":"2026-01-05T19:21:00","slug":"jean-francois-arbour","status":"publish","type":"equipe-de-direction","link":"https:\/\/bpa.ca\/fr\/equipe-direction\/jean-francois-arbour\/","title":{"rendered":"Jean-Fran\u00e7ois Arbour, ing."},"content":{"rendered":"\t\t<div data-elementor-type=\"wp-post\" data-elementor-id=\"10501\" class=\"elementor elementor-10501 elementor-10500\" data-elementor-post-type=\"equipe-de-direction\">\n\t\t\t\t\t\t<section class=\"elementor-section elementor-top-section elementor-element elementor-element-bc1c5a6 elementor-section-boxed elementor-section-height-default elementor-section-height-default\" data-id=\"bc1c5a6\" data-element_type=\"section\" data-e-type=\"section\">\n\t\t\t\t\t\t<div class=\"elementor-container elementor-column-gap-default\">\n\t\t\t\t\t<div class=\"elementor-column elementor-col-100 elementor-top-column elementor-element elementor-element-29504fd\" data-id=\"29504fd\" data-element_type=\"column\" data-e-type=\"column\">\n\t\t\t<div class=\"elementor-widget-wrap elementor-element-populated\">\n\t\t\t\t\t\t<div class=\"elementor-element elementor-element-15a6a10 elementor-widget elementor-widget-text-editor\" data-id=\"15a6a10\" data-element_type=\"widget\" data-e-type=\"widget\" data-widget_type=\"text-editor.default\">\n\t\t\t\t<div class=\"elementor-widget-container\">\n\t\t\t\t\t\t\t\t\t<h3>Vice-pr\u00e9sident, Croissance strat\u00e9gique<\/h3>\t\t\t\t\t\t\t\t<\/div>\n\t\t\t\t<\/div>\n\t\t\t\t<div class=\"elementor-element elementor-element-d660f7d elementor-widget elementor-widget-text-editor\" data-id=\"d660f7d\" data-element_type=\"widget\" data-e-type=\"widget\" data-widget_type=\"text-editor.default\">\n\t\t\t\t<div class=\"elementor-widget-container\">\n\t\t\t\t\t\t\t\t\t<p>Dipl\u00f4m\u00e9 de l\u2019\u00c9cole Polytechnique de Montr\u00e9al en g\u00e9nie m\u00e9canique, Jean-Fran\u00e7ois a d\u00e9but\u00e9 sa carri\u00e8re comme ing\u00e9nieur m\u00e9canique chez BPA, o\u00f9 il a travaill\u00e9 pendant huit ans. Fort de pr\u00e8s de 35 ans d\u2019exp\u00e9rience, dont plusieurs ann\u00e9es dans des r\u00f4les de direction au sein d\u2019entreprises de construction, il est reconnu pour son expertise et son leadership dans l\u2019industrie. Il a notamment \u00e9t\u00e9 impliqu\u00e9 plus de 20 ans au sein de l<span style=\"font-style: inherit; font-weight: inherit;\">\u2019Association de la construction du Qu\u00e9bec (ACQ), dont 4 ans en tant que pr\u00e9sident. Il se donne pour mission, dans chaque organisation, d\u2019offrir \u00e0 chacun les moyens de s\u2019\u00e9panouir pleinement.<\/span><\/p><p>Aujourd\u2019hui, en tant que Vice-pr\u00e9sident, Croissance strat\u00e9gique, Jean-Fran\u00e7ois a pour responsabilit\u00e9 de renforcer et de d\u00e9velopper des relations de confiance avec les clients du march\u00e9 priv\u00e9, incluant les entrepreneurs g\u00e9n\u00e9raux et sp\u00e9cialis\u00e9s, les promoteurs et les propri\u00e9taires.<\/p>\t\t\t\t\t\t\t\t<\/div>\n\t\t\t\t<\/div>\n\t\t\t\t\t<\/div>\n\t\t<\/div>\n\t\t\t\t\t<\/div>\n\t\t<\/section>\n\t\t\t\t<\/div>\n\t\t","protected":false},"featured_media":10503,"menu_order":3,"template":"","meta":{"_acf_changed":false,"site-sidebar-layout":"no-sidebar","site-content-layout":"page-builder","ast-site-content-layout":"full-width-container","site-content-style":"unboxed","site-sidebar-style":"unboxed","ast-global-header-display":"","ast-banner-title-visibility":"","ast-main-header-display":"","ast-hfb-above-header-display":"","ast-hfb-below-header-display":"","ast-hfb-mobile-header-display":"","site-post-title":"disabled","ast-breadcrumbs-content":"","ast-featured-img":"disabled","footer-sml-layout":"","ast-disable-related-posts":"","theme-transparent-header-meta":"default","adv-header-id-meta":"","stick-header-meta":"default","header-above-stick-meta":"","header-main-stick-meta":"","header-below-stick-meta":"","astra-migrate-meta-layouts":"set","ast-page-background-enabled":"default","ast-page-background-meta":{"desktop":{"background-color":"","background-image":"","background-repeat":"repeat","background-position":"center center","background-size":"auto","background-attachment":"scroll","background-type":"","background-media":"","overlay-type":"","overlay-color":"","overlay-opacity":"","overlay-gradient":""},"tablet":{"background-color":"","background-image":"","background-repeat":"repeat","background-position":"center center","background-size":"auto","background-attachment":"scroll","background-type":"","background-media":"","overlay-type":"","overlay-color":"","overlay-opacity":"","overlay-gradient":""},"mobile":{"background-color":"","background-image":"","background-repeat":"repeat","background-position":"center center","background-size":"auto","background-attachment":"scroll","background-type":"","background-media":"","overlay-type":"","overlay-color":"","overlay-opacity":"","overlay-gradient":""}},"ast-content-background-meta":{"desktop":{"background-color":"var(--ast-global-color-5)","background-image":"","background-repeat":"repeat","background-position":"center center","background-size":"auto","background-attachment":"scroll","background-type":"","background-media":"","overlay-type":"","overlay-color":"","overlay-opacity":"","overlay-gradient":""},"tablet":{"background-color":"var(--ast-global-color-5)","background-image":"","background-repeat":"repeat","background-position":"center center","background-size":"auto","background-attachment":"scroll","background-type":"","background-media":"","overlay-type":"","overlay-color":"","overlay-opacity":"","overlay-gradient":""},"mobile":{"background-color":"var(--ast-global-color-5)","background-image":"","background-repeat":"repeat","background-position":"center center","background-size":"auto","background-attachment":"scroll","background-type":"","background-media":"","overlay-type":"","overlay-color":"","overlay-opacity":"","overlay-gradient":""}}},"departement":[103],"class_list":["post-10501","equipe-de-direction","type-equipe-de-direction","status-publish","has-post-thumbnail","hentry","departement-comite-de-direction-fr"],"acf":[],"yoast_head":"<!-- This site is optimized with the Yoast SEO plugin v27.4 - https:\/\/yoast.com\/product\/yoast-seo-wordpress\/ -->\n<title>Jean-Fran\u00e7ois Arbour, ing., Vice-pr\u00e9sident, Croissance strat\u00e9gique<\/title>\n<meta name=\"robots\" content=\"index, follow, max-snippet:-1, max-image-preview:large, max-video-preview:-1\" \/>\n<link rel=\"canonical\" href=\"https:\/\/bpa.ca\/fr\/equipe-direction\/jean-francois-arbour\/\" \/>\n<meta property=\"og:locale\" content=\"fr_FR\" \/>\n<meta property=\"og:type\" content=\"article\" \/>\n<meta property=\"og:title\" content=\"Jean-Fran\u00e7ois Arbour, ing., Vice-pr\u00e9sident, Croissance strat\u00e9gique\" \/>\n<meta property=\"og:description\" content=\"Vice-pr\u00e9sident, Croissance strat\u00e9gique Dipl\u00f4m\u00e9 de l\u2019\u00c9cole Polytechnique de Montr\u00e9al en g\u00e9nie m\u00e9canique, Jean-Fran\u00e7ois a d\u00e9but\u00e9 sa carri\u00e8re comme ing\u00e9nieur m\u00e9canique chez BPA, o\u00f9 il a travaill\u00e9 pendant huit ans. Fort de pr\u00e8s de 35 ans d\u2019exp\u00e9rience, dont plusieurs ann\u00e9es dans des r\u00f4les de direction au sein d\u2019entreprises de construction, il est reconnu pour son expertise [&hellip;]\" \/>\n<meta property=\"og:url\" content=\"https:\/\/bpa.ca\/fr\/equipe-direction\/jean-francois-arbour\/\" \/>\n<meta property=\"og:site_name\" content=\"BPA\" \/>\n<meta property=\"article:modified_time\" content=\"2026-01-05T19:21:00+00:00\" \/>\n<meta property=\"og:image\" content=\"https:\/\/bpa.ca\/wp-content\/uploads\/2024\/12\/JF-Arbour-683x1024.png\" \/>\n\t<meta property=\"og:image:width\" content=\"683\" \/>\n\t<meta property=\"og:image:height\" content=\"1024\" \/>\n\t<meta property=\"og:image:type\" content=\"image\/png\" \/>\n<meta name=\"twitter:card\" content=\"summary_large_image\" \/>\n<script type=\"application\/ld+json\" class=\"yoast-schema-graph\">{\"@context\":\"https:\\\/\\\/schema.org\",\"@graph\":[{\"@type\":\"WebPage\",\"@id\":\"https:\\\/\\\/bpa.ca\\\/fr\\\/equipe-direction\\\/jean-francois-arbour\\\/\",\"url\":\"https:\\\/\\\/bpa.ca\\\/fr\\\/equipe-direction\\\/jean-francois-arbour\\\/\",\"name\":\"Jean-Fran\u00e7ois Arbour, ing., Vice-pr\u00e9sident, Croissance strat\u00e9gique\",\"isPartOf\":{\"@id\":\"https:\\\/\\\/bpa.ca\\\/fr\\\/#website\"},\"primaryImageOfPage\":{\"@id\":\"https:\\\/\\\/bpa.ca\\\/fr\\\/equipe-direction\\\/jean-francois-arbour\\\/#primaryimage\"},\"image\":{\"@id\":\"https:\\\/\\\/bpa.ca\\\/fr\\\/equipe-direction\\\/jean-francois-arbour\\\/#primaryimage\"},\"thumbnailUrl\":\"https:\\\/\\\/bpa.ca\\\/wp-content\\\/uploads\\\/2024\\\/12\\\/JF-Arbour.png\",\"datePublished\":\"2024-12-13T16:45:38+00:00\",\"dateModified\":\"2026-01-05T19:21:00+00:00\",\"breadcrumb\":{\"@id\":\"https:\\\/\\\/bpa.ca\\\/fr\\\/equipe-direction\\\/jean-francois-arbour\\\/#breadcrumb\"},\"inLanguage\":\"fr-FR\",\"potentialAction\":[{\"@type\":\"ReadAction\",\"target\":[\"https:\\\/\\\/bpa.ca\\\/fr\\\/equipe-direction\\\/jean-francois-arbour\\\/\"]}]},{\"@type\":\"ImageObject\",\"inLanguage\":\"fr-FR\",\"@id\":\"https:\\\/\\\/bpa.ca\\\/fr\\\/equipe-direction\\\/jean-francois-arbour\\\/#primaryimage\",\"url\":\"https:\\\/\\\/bpa.ca\\\/wp-content\\\/uploads\\\/2024\\\/12\\\/JF-Arbour.png\",\"contentUrl\":\"https:\\\/\\\/bpa.ca\\\/wp-content\\\/uploads\\\/2024\\\/12\\\/JF-Arbour.png\",\"width\":2916,\"height\":4374},{\"@type\":\"BreadcrumbList\",\"@id\":\"https:\\\/\\\/bpa.ca\\\/fr\\\/equipe-direction\\\/jean-francois-arbour\\\/#breadcrumb\",\"itemListElement\":[{\"@type\":\"ListItem\",\"position\":1,\"name\":\"Home\",\"item\":\"https:\\\/\\\/bpa.ca\\\/fr\\\/\"},{\"@type\":\"ListItem\",\"position\":2,\"name\":\"\u00c9quipe de directions\",\"item\":\"https:\\\/\\\/bpa.ca\\\/fr\\\/equipe-direction\\\/\"},{\"@type\":\"ListItem\",\"position\":3,\"name\":\"Jean-Fran\u00e7ois Arbour, ing.\"}]},{\"@type\":\"WebSite\",\"@id\":\"https:\\\/\\\/bpa.ca\\\/fr\\\/#website\",\"url\":\"https:\\\/\\\/bpa.ca\\\/fr\\\/\",\"name\":\"BPA\",\"description\":\"\",\"publisher\":{\"@id\":\"https:\\\/\\\/bpa.ca\\\/fr\\\/#organization\"},\"potentialAction\":[{\"@type\":\"SearchAction\",\"target\":{\"@type\":\"EntryPoint\",\"urlTemplate\":\"https:\\\/\\\/bpa.ca\\\/fr\\\/?s={search_term_string}\"},\"query-input\":{\"@type\":\"PropertyValueSpecification\",\"valueRequired\":true,\"valueName\":\"search_term_string\"}}],\"inLanguage\":\"fr-FR\"},{\"@type\":\"Organization\",\"@id\":\"https:\\\/\\\/bpa.ca\\\/fr\\\/#organization\",\"name\":\"BPA\",\"url\":\"https:\\\/\\\/bpa.ca\\\/fr\\\/\",\"logo\":{\"@type\":\"ImageObject\",\"inLanguage\":\"fr-FR\",\"@id\":\"https:\\\/\\\/bpa.ca\\\/fr\\\/#\\\/schema\\\/logo\\\/image\\\/\",\"url\":\"https:\\\/\\\/bpa.ca\\\/wp-content\\\/uploads\\\/2026\\\/01\\\/BPA_Logo-70_avec_sloganFR_couleur_RGB.svg\",\"contentUrl\":\"https:\\\/\\\/bpa.ca\\\/wp-content\\\/uploads\\\/2026\\\/01\\\/BPA_Logo-70_avec_sloganFR_couleur_RGB.svg\",\"caption\":\"BPA\"},\"image\":{\"@id\":\"https:\\\/\\\/bpa.ca\\\/fr\\\/#\\\/schema\\\/logo\\\/image\\\/\"}}]}<\/script>\n<!-- \/ Yoast SEO plugin. -->","yoast_head_json":{"title":"Jean-Fran\u00e7ois Arbour, ing., Vice-pr\u00e9sident, Croissance strat\u00e9gique","robots":{"index":"index","follow":"follow","max-snippet":"max-snippet:-1","max-image-preview":"max-image-preview:large","max-video-preview":"max-video-preview:-1"},"canonical":"https:\/\/bpa.ca\/fr\/equipe-direction\/jean-francois-arbour\/","og_locale":"fr_FR","og_type":"article","og_title":"Jean-Fran\u00e7ois Arbour, ing., Vice-pr\u00e9sident, Croissance strat\u00e9gique","og_description":"Vice-pr\u00e9sident, Croissance strat\u00e9gique Dipl\u00f4m\u00e9 de l\u2019\u00c9cole Polytechnique de Montr\u00e9al en g\u00e9nie m\u00e9canique, Jean-Fran\u00e7ois a d\u00e9but\u00e9 sa carri\u00e8re comme ing\u00e9nieur m\u00e9canique chez BPA, o\u00f9 il a travaill\u00e9 pendant huit ans. Fort de pr\u00e8s de 35 ans d\u2019exp\u00e9rience, dont plusieurs ann\u00e9es dans des r\u00f4les de direction au sein d\u2019entreprises de construction, il est reconnu pour son expertise [&hellip;]","og_url":"https:\/\/bpa.ca\/fr\/equipe-direction\/jean-francois-arbour\/","og_site_name":"BPA","article_modified_time":"2026-01-05T19:21:00+00:00","og_image":[{"width":683,"height":1024,"url":"https:\/\/bpa.ca\/wp-content\/uploads\/2024\/12\/JF-Arbour-683x1024.png","type":"image\/png"}],"twitter_card":"summary_large_image","schema":{"@context":"https:\/\/schema.org","@graph":[{"@type":"WebPage","@id":"https:\/\/bpa.ca\/fr\/equipe-direction\/jean-francois-arbour\/","url":"https:\/\/bpa.ca\/fr\/equipe-direction\/jean-francois-arbour\/","name":"Jean-Fran\u00e7ois Arbour, ing., Vice-pr\u00e9sident, Croissance strat\u00e9gique","isPartOf":{"@id":"https:\/\/bpa.ca\/fr\/#website"},"primaryImageOfPage":{"@id":"https:\/\/bpa.ca\/fr\/equipe-direction\/jean-francois-arbour\/#primaryimage"},"image":{"@id":"https:\/\/bpa.ca\/fr\/equipe-direction\/jean-francois-arbour\/#primaryimage"},"thumbnailUrl":"https:\/\/bpa.ca\/wp-content\/uploads\/2024\/12\/JF-Arbour.png","datePublished":"2024-12-13T16:45:38+00:00","dateModified":"2026-01-05T19:21:00+00:00","breadcrumb":{"@id":"https:\/\/bpa.ca\/fr\/equipe-direction\/jean-francois-arbour\/#breadcrumb"},"inLanguage":"fr-FR","potentialAction":[{"@type":"ReadAction","target":["https:\/\/bpa.ca\/fr\/equipe-direction\/jean-francois-arbour\/"]}]},{"@type":"ImageObject","inLanguage":"fr-FR","@id":"https:\/\/bpa.ca\/fr\/equipe-direction\/jean-francois-arbour\/#primaryimage","url":"https:\/\/bpa.ca\/wp-content\/uploads\/2024\/12\/JF-Arbour.png","contentUrl":"https:\/\/bpa.ca\/wp-content\/uploads\/2024\/12\/JF-Arbour.png","width":2916,"height":4374},{"@type":"BreadcrumbList","@id":"https:\/\/bpa.ca\/fr\/equipe-direction\/jean-francois-arbour\/#breadcrumb","itemListElement":[{"@type":"ListItem","position":1,"name":"Home","item":"https:\/\/bpa.ca\/fr\/"},{"@type":"ListItem","position":2,"name":"\u00c9quipe de directions","item":"https:\/\/bpa.ca\/fr\/equipe-direction\/"},{"@type":"ListItem","position":3,"name":"Jean-Fran\u00e7ois Arbour, ing."}]},{"@type":"WebSite","@id":"https:\/\/bpa.ca\/fr\/#website","url":"https:\/\/bpa.ca\/fr\/","name":"BPA","description":"","publisher":{"@id":"https:\/\/bpa.ca\/fr\/#organization"},"potentialAction":[{"@type":"SearchAction","target":{"@type":"EntryPoint","urlTemplate":"https:\/\/bpa.ca\/fr\/?s={search_term_string}"},"query-input":{"@type":"PropertyValueSpecification","valueRequired":true,"valueName":"search_term_string"}}],"inLanguage":"fr-FR"},{"@type":"Organization","@id":"https:\/\/bpa.ca\/fr\/#organization","name":"BPA","url":"https:\/\/bpa.ca\/fr\/","logo":{"@type":"ImageObject","inLanguage":"fr-FR","@id":"https:\/\/bpa.ca\/fr\/#\/schema\/logo\/image\/","url":"https:\/\/bpa.ca\/wp-content\/uploads\/2026\/01\/BPA_Logo-70_avec_sloganFR_couleur_RGB.svg","contentUrl":"https:\/\/bpa.ca\/wp-content\/uploads\/2026\/01\/BPA_Logo-70_avec_sloganFR_couleur_RGB.svg","caption":"BPA"},"image":{"@id":"https:\/\/bpa.ca\/fr\/#\/schema\/logo\/image\/"}}]}},"_links":{"self":[{"href":"https:\/\/bpa.ca\/fr\/wp-json\/wp\/v2\/equipe-de-direction\/10501","targetHints":{"allow":["GET"]}}],"collection":[{"href":"https:\/\/bpa.ca\/fr\/wp-json\/wp\/v2\/equipe-de-direction"}],"about":[{"href":"https:\/\/bpa.ca\/fr\/wp-json\/wp\/v2\/types\/equipe-de-direction"}],"version-history":[{"count":0,"href":"https:\/\/bpa.ca\/fr\/wp-json\/wp\/v2\/equipe-de-direction\/10501\/revisions"}],"wp:featuredmedia":[{"embeddable":true,"href":"https:\/\/bpa.ca\/fr\/wp-json\/wp\/v2\/media\/10503"}],"wp:attachment":[{"href":"https:\/\/bpa.ca\/fr\/wp-json\/wp\/v2\/media?parent=10501"}],"wp:term":[{"taxonomy":"departement","embeddable":true,"href":"https:\/\/bpa.ca\/fr\/wp-json\/wp\/v2\/departement?post=10501"}],"curies":[{"name":"wp","href":"https:\/\/api.w.org\/{rel}","templated":true}]}}